{"id":2578,"date":"2024-01-09T13:24:57","date_gmt":"2024-01-09T12:24:57","guid":{"rendered":"https:\/\/santa-giulia.net\/histoire-de-famille\/"},"modified":"2024-06-03T18:24:43","modified_gmt":"2024-06-03T16:24:43","slug":"storia-della-familia","status":"publish","type":"page","link":"https:\/\/santa-giulia.net\/it\/storia-della-familia\/","title":{"rendered":"Storia della famiglia"},"content":{"rendered":"<div class=\"wpb-content-wrapper\"><p>[vc_row full_width=&#8221;stretch_row_content_no_spaces&#8221; disable_element=&#8221;yes&#8221; type=&#8221;vc_default&#8221; css=&#8221;.vc_custom_1704812312106{margin-top: 0px !important;padding-top: 0px !important;background-position: center !important;background-repeat: no-repeat !important;background-size: cover !important;}&#8221;][vc_column css=&#8221;.vc_custom_1699523036787{padding-top: 0px !important;}&#8221;][vc_single_image image=&#8221;850&#8243; img_size=&#8221;full&#8221; alignment=&#8221;center&#8221; css=&#8221;.vc_custom_1704803043729{margin-top: 0px !important;margin-right: 0px !important;margin-bottom: 0px !important;margin-left: 0px !important;border-top-width: 0px !important;border-right-width: 0px !important;border-bottom-width: 0px !important;border-left-width: 0px !important;padding-top: 0px !important;padding-right: 0px !important;padding-bottom: 0px !important;padding-left: 0px !important;}&#8221;][\/vc_column][\/vc_row][vc_row][vc_column width=&#8221;1\/6&#8243;][\/vc_column][vc_column width=&#8221;2\/3&#8243;]<div class=\"ult-spacer spacer-69f2219506687\" data-id=\"69f2219506687\" data-height=\"100\" data-height-mobile=\"75\" data-height-tab=\"\" data-height-tab-portrait=\"\" data-height-mobile-landscape=\"\" style=\"clear:both;display:block;\"><\/div>[vc_custom_heading text=&#8221;UNA <i>visione<\/i> AVANT-GARDISTA&#8221; font_container=&#8221;tag:h1|text_align:center&#8221; use_theme_fonts=&#8221;yes&#8221;][vc_column_text css=&#8221;.vc_custom_1715329483291{margin-bottom: 10px !important;}&#8221;]<\/p>\n<p style=\"text-align: center;\">Fin dall&#8217;inizio, Antoine Cesari e sua figlia Catherine Cesari si rivolsero all&#8217;architetto Pierre Puccinelli, vincitore del Prix de Rome e allievo del famoso Renzo Piano, per catturare la bellezza naturale della baia di Santa Giulia e restituirla agli ospiti del Domaine Santa Giulia Palace.<\/p>\n<p style=\"text-align: center;\">Il risultato, nel 1988, \u00e8 stato un ambiente raffinato e ordinato che incoraggia gli ospiti a riconnettersi con se stessi e a condividere momenti unici con la famiglia e gli amici.<\/p>\n<p>[\/vc_column_text]<div class=\"ult-spacer spacer-69f22195066b2\" data-id=\"69f22195066b2\" data-height=\"100\" data-height-mobile=\"75\" data-height-tab=\"\" data-height-tab-portrait=\"\" data-height-mobile-landscape=\"\" style=\"clear:both;display:block;\"><\/div>[\/vc_column][vc_column width=&#8221;1\/6&#8243;][\/vc_column][\/vc_row][vc_row][vc_column width=&#8221;1\/2&#8243;][vc_single_image image=&#8221;936&#8243; img_size=&#8221;full&#8221; css=&#8221;.vc_custom_1704811317234{margin-bottom: 0px !important;}&#8221;]<div class=\"ult-spacer spacer-69f22195066cb\" data-id=\"69f22195066cb\" data-height=\"100\" data-height-mobile=\"50\" data-height-tab=\"\" data-height-tab-portrait=\"\" data-height-mobile-landscape=\"\" style=\"clear:both;display:block;\"><\/div>[\/vc_column][vc_column width=&#8221;1\/2&#8243;]<div class=\"ult-spacer spacer-69f22195066df\" data-id=\"69f22195066df\" data-height=\"100\" data-height-mobile=\"0\" data-height-tab=\"\" data-height-tab-portrait=\"\" data-height-mobile-landscape=\"\" style=\"clear:both;display:block;\"><\/div>[vc_custom_heading text=&#8221;Una <i>storia <\/i> di famiglia&#8221; font_container=&#8221;tag:h1|text_align:left&#8221; use_theme_fonts=&#8221;yes&#8221;][vc_column_text css=&#8221;.vc_custom_1714732232150{margin-bottom: 10px !important;}&#8221;]&#8221;Il Domaine Santa Giulia Palace \u00e8 un&#8217;ode alla vibrante storia della nostra famiglia, in cui stiamo approfondendo lo spirito di accoglienza, l&#8217;autenticit\u00e0 della cultura e del savoir-faire della Corsica, aggiungendo al contempo una nuova era alla leggenda, abbellendo la struttura, modernizzando i servizi all&#8217;avanguardia del momento e creando nuove esperienze da condividere&#8221;.<\/p>\n<p>Dal 2023, Sarah Cesari ha preso in mano la gestione del locale da sua madre.[\/vc_column_text][\/vc_column][\/vc_row][vc_row][vc_column]<div class=\"ult-spacer spacer-69f22195066f1\" data-id=\"69f22195066f1\" data-height=\"100\" data-height-mobile=\"100\" data-height-tab=\"100\" data-height-tab-portrait=\"\" data-height-mobile-landscape=\"\" style=\"clear:both;display:block;\"><\/div>[\/vc_column][\/vc_row][vc_row full_width=&#8221;stretch_row_content_no_spaces&#8221; type=&#8221;vc_default&#8221; css=&#8221;.vc_custom_1699458741602{background-position: center !important;background-repeat: no-repeat !important;background-size: cover !important;}&#8221;][vc_column width=&#8221;1\/2&#8243; css=&#8221;.vc_custom_1699524849412{padding-top: 0px !important;}&#8221;][vc_single_image image=&#8221;869&#8243; img_size=&#8221;full&#8221; alignment=&#8221;center&#8221; css=&#8221;.vc_custom_1704806644587{margin-top: 0px !important;margin-right: 0px !important;margin-bottom: 0px !important;margin-left: 0px !important;border-top-width: 0px !important;border-right-width: 0px !important;border-bottom-width: 0px !important;border-left-width: 0px !important;padding-top: 0px !important;padding-right: 0px !important;padding-bottom: 0px !important;padding-left: 0px !important;}&#8221;][\/vc_column][vc_column width=&#8221;1\/2&#8243; css=&#8221;.vc_custom_1704806694209{padding-top: 0px !important;}&#8221;][vc_single_image image=&#8221;865&#8243; img_size=&#8221;full&#8221; alignment=&#8221;center&#8221; css=&#8221;.vc_custom_1704806628072{margin-top: 0px !important;margin-right: 0px !important;margin-bottom: 0px !important;margin-left: 0px !important;border-top-width: 0px !important;border-right-width: 0px !important;border-bottom-width: 0px !important;border-left-width: 0px !important;padding-top: 0px !important;padding-right: 0px !important;padding-bottom: 0px !important;padding-left: 0px !important;}&#8221;][\/vc_column][\/vc_row][vc_row][vc_column]<div class=\"ult-spacer spacer-69f2219506703\" data-id=\"69f2219506703\" data-height=\"200\" data-height-mobile=\"100\" data-height-tab=\"\" data-height-tab-portrait=\"\" data-height-mobile-landscape=\"\" style=\"clear:both;display:block;\"><\/div>[\/vc_column][\/vc_row][vc_row][vc_column width=&#8221;1\/2&#8243; css=&#8221;.vc_custom_1700587249894{padding-top: 0px !important;}&#8221;][vc_single_image image=&#8221;887&#8243; img_size=&#8221;full&#8221; css=&#8221;.vc_custom_1704807465022{margin-bottom: 0px !important;}&#8221;]<div class=\"ult-spacer spacer-69f2219506713\" data-id=\"69f2219506713\" data-height=\"100\" data-height-mobile=\"50\" data-height-tab=\"\" data-height-tab-portrait=\"\" data-height-mobile-landscape=\"\" style=\"clear:both;display:block;\"><\/div>[\/vc_column][vc_column width=&#8221;1\/2&#8243; css=&#8221;.vc_custom_1700587258531{padding-top: 0px !important;}&#8221;]<div class=\"ult-spacer spacer-69f2219506722\" data-id=\"69f2219506722\" data-height=\"100\" data-height-mobile=\"0\" data-height-tab=\"\" data-height-tab-portrait=\"\" data-height-mobile-landscape=\"\" style=\"clear:both;display:block;\"><\/div>[vc_custom_heading text=&#8221;Per<i>prosperare<\/i>, INSIEME&#8221; font_container=&#8221;tag:h1|text_align:left&#8221; use_theme_fonts=&#8221;yes&#8221;][vc_column_text css=&#8221;.vc_custom_1715329585441{margin-bottom: 10px !important;}&#8221;]I dipendenti sono invitati a crescere, attraverso l&#8217;intelligenza, la conoscenza, lo scambio e la condivisione. Al Santa Giulia Palace, piacere, esemplarit\u00e0, condivisione e performance sono i valori che ci guidano ogni giorno.<\/p>\n<p>Il nostro obiettivo: offrire ai nostri ospiti un&#8217;esperienza eccezionale attraverso un contratto morale che rivela e valorizza questo luogo per noi cos\u00ec prezioso.<\/p>\n<p>Vi invitiamo a rallentare, a prendervi il tempo necessario per accogliere, ascoltare, condividere e imparare dalle culture degli altri.<\/p>\n<p>Si tratta di aprirsi a tutti e di ancorarsi alla storia e al futuro di una terra, di un terroir e di un territorio, per un beneficio duraturo ed equo di tutti, vicini e lontani.<\/p>\n<p>L&#8217;obiettivo \u00e8 costruire relazioni armoniose ed eque che rispettino il mondo vivente, il ritmo delle stagioni, le persone e la diversit\u00e0 degli ecosistemi, e unire tutte le parti interessate per mettere in atto i mezzi per creare e accelerare le iniziative che incarnano questa visione.<\/p>\n<p>Con l&#8217;audacia del buon senso.[\/vc_column_text][\/vc_column][\/vc_row][vc_row][vc_column]<div class=\"ult-spacer spacer-69f2219506732\" data-id=\"69f2219506732\" data-height=\"100\" data-height-mobile=\"50\" data-height-tab=\"\" data-height-tab-portrait=\"\" data-height-mobile-landscape=\"\" style=\"clear:both;display:block;\"><\/div>[\/vc_column][\/vc_row][vc_row full_width=&#8221;stretch_row_content_no_spaces&#8221; type=&#8221;vc_default&#8221; css=&#8221;.vc_custom_1699458741602{background-position: center !important;background-repeat: no-repeat !important;background-size: cover !important;}&#8221;][vc_column width=&#8221;1\/3&#8243; css=&#8221;.vc_custom_1699524849412{padding-top: 0px !important;}&#8221;][vc_single_image image=&#8221;879&#8243; img_size=&#8221;full&#8221; alignment=&#8221;center&#8221; css=&#8221;.vc_custom_1704807227467{margin-top: 0px !important;margin-right: 0px !important;margin-bottom: 0px !important;margin-left: 0px !important;border-top-width: 0px !important;border-right-width: 0px !important;border-bottom-width: 0px !important;border-left-width: 0px !important;padding-top: 0px !important;padding-right: 0px !important;padding-bottom: 0px !important;padding-left: 0px !important;}&#8221;][\/vc_column][vc_column width=&#8221;1\/3&#8243; css=&#8221;.vc_custom_1704807299263{padding-top: 0px !important;}&#8221;][vc_single_image image=&#8221;875&#8243; img_size=&#8221;full&#8221; alignment=&#8221;center&#8221; css=&#8221;.vc_custom_1704807292251{margin-top: 0px !important;margin-right: 0px !important;margin-bottom: 0px !important;margin-left: 0px !important;border-top-width: 0px !important;border-right-width: 0px !important;border-bottom-width: 0px !important;border-left-width: 0px !important;padding-top: 0px !important;padding-right: 0px !important;padding-bottom: 0px !important;padding-left: 0px !important;}&#8221;][\/vc_column][vc_column width=&#8221;1\/3&#8243; css=&#8221;.vc_custom_1704807305764{padding-top: 0px !important;}&#8221;][vc_single_image image=&#8221;883&#8243; img_size=&#8221;full&#8221; alignment=&#8221;center&#8221; css=&#8221;.vc_custom_1704807258693{margin-top: 0px !important;margin-right: 0px !important;margin-bottom: 0px !important;margin-left: 0px !important;border-top-width: 0px !important;border-right-width: 0px !important;border-bottom-width: 0px !important;border-left-width: 0px !important;padding-top: 0px !important;padding-right: 0px !important;padding-bottom: 0px !important;padding-left: 0px !important;}&#8221;][\/vc_column][\/vc_row][vc_row][vc_column width=&#8221;1\/6&#8243;][\/vc_column][vc_column width=&#8221;2\/3&#8243;]<div class=\"ult-spacer spacer-69f2219506741\" data-id=\"69f2219506741\" data-height=\"100\" data-height-mobile=\"0\" data-height-tab=\"\" data-height-tab-portrait=\"\" data-height-mobile-landscape=\"\" style=\"clear:both;display:block;\"><\/div>[vc_custom_heading text=&#8221;Un <i>senso <\/i> di RESPONSABILIT\u00c0&#8221; font_container=&#8221;tag:h1|text_align:center&#8221; use_theme_fonts=&#8221;yes&#8221;][vc_column_text css=&#8221;.vc_custom_1714732682901{margin-bottom: 10px !important;}&#8221;]<\/p>\n<p style=\"text-align: center;\">Al Domaine Santa Giulia Palace c&#8217;\u00e8 una questione su cui non discutiamo: la salvaguardia dell&#8217;ambiente. La tutela della natura \u00e8 parte integrante di tutto ci\u00f2 che facciamo, sia nella produzione che nel servizio, con azioni concrete e quotidiane e non solo ideologiche. Con umilt\u00e0, con l&#8217;idea di proteggere la nostra famiglia, i nostri ospiti e questa Corsica a cui dobbiamo tutto.<\/p>\n<p>[\/vc_column_text]<style type=\"text\/css\" data-type=\"the7_shortcodes-inline-css\">#default-btn-54e045b022849d548cd83bec1030b374.ico-right-side > i {\n  margin-right: 0px;\n  margin-left: 8px;\n}\n#default-btn-54e045b022849d548cd83bec1030b374 > i {\n  margin-right: 8px;\n}<\/style><div class=\"btn-align-center\"><a href=\"https:\/\/santa-giulia.net\/it\/eco-responsabilita\/\" class=\"default-btn-shortcode dt-btn dt-btn-m link-hover-off \" id=\"default-btn-54e045b022849d548cd83bec1030b374\" title=\"I nostri impegni\"><span>I nostri impegni<\/span><\/a><\/div><div class=\"ult-spacer spacer-69f22195067e8\" data-id=\"69f22195067e8\" data-height=\"150\" data-height-mobile=\"75\" data-height-tab=\"\" data-height-tab-portrait=\"\" data-height-mobile-landscape=\"\" style=\"clear:both;display:block;\"><\/div>[\/vc_column][vc_column width=&#8221;1\/6&#8243;][\/vc_column][\/vc_row]<\/p>\n<\/div>","protected":false},"excerpt":{"rendered":"<p>[vc_row full_width=&#8221;stretch_row_content_no_spaces&#8221; disable_element=&#8221;yes&#8221; type=&#8221;vc_default&#8221; css=&#8221;.vc_custom_1704812312106{margin-top: 0px !important;padding-top: 0px !important;background-position: center !important;background-repeat: no-repeat !important;background-size: cover !important;}&#8221;][vc_column css=&#8221;.vc_custom_1699523036787{padding-top: 0px !important;}&#8221;][vc_single_image image=&#8221;850&#8243; img_size=&#8221;full&#8221; alignment=&#8221;center&#8221; css=&#8221;.vc_custom_1704803043729{margin-top: 0px !important;margin-right: 0px !important;margin-bottom: 0px !important;margin-left: 0px !important;border-top-width: 0px !important;border-right-width: 0px !important;border-bottom-width: 0px !important;border-left-width: 0px !important;padding-top: 0px !important;padding-right: 0px !important;padding-bottom: 0px !important;padding-left: 0px !important;}&#8221;][\/vc_column][\/vc_row][vc_row][vc_column width=&#8221;1\/6&#8243;][\/vc_column][vc_column width=&#8221;2\/3&#8243;][vc_custom_heading text=&#8221;UNA visione AVANT-GARDISTA&#8221; font_container=&#8221;tag:h1|text_align:center&#8221; use_theme_fonts=&#8221;yes&#8221;][vc_column_text css=&#8221;.vc_custom_1715329483291{margin-bottom: 10px&hellip;<\/p>\n","protected":false},"author":1,"featured_media":0,"parent":0,"menu_order":1,"comment_status":"closed","ping_status":"closed","template":"","meta":{"footnotes":""},"class_list":["post-2578","page","type-page","status-publish","hentry","description-off"],"yoast_head":"<!-- This site is optimized with the Yoast SEO plugin v27.5 - https:\/\/yoast.com\/product\/yoast-seo-wordpress\/ -->\n<title>Storia della famiglia Palazzo Domain Santa Giulia - Soggiorno di lusso in Corsica<\/title>\n<meta name=\"description\" content=\"Il Domaine Santa Giulia Palace \u00e8 un&#039;ode alla storia della nostra famiglia, dove approfondiamo lo spirito di accoglienza e l&#039;autenticit\u00e0 corsa.\" \/>\n<meta name=\"robots\" content=\"index, follow, max-snippet:-1, max-image-preview:large, max-video-preview:-1\" \/>\n<link rel=\"canonical\" href=\"https:\/\/santa-giulia.net\/it\/storia-della-familia\/\" \/>\n<meta property=\"og:locale\" content=\"it_IT\" \/>\n<meta property=\"og:type\" content=\"article\" \/>\n<meta property=\"og:title\" content=\"Storia della famiglia Palazzo Domain Santa Giulia - Soggiorno di lusso in Corsica\" \/>\n<meta property=\"og:description\" content=\"Il Domaine Santa Giulia Palace \u00e8 un&#039;ode alla storia della nostra famiglia, dove approfondiamo lo spirito di accoglienza e l&#039;autenticit\u00e0 corsa.\" \/>\n<meta property=\"og:url\" content=\"https:\/\/santa-giulia.net\/it\/storia-della-familia\/\" \/>\n<meta property=\"og:site_name\" content=\"Domaine Santa Giulia Palace - S\u00e9jour de luxe - Vue Mer en Corse\" \/>\n<meta property=\"article:publisher\" content=\"https:\/\/www.facebook.com\/ResidenceSantaGiuliaPalace\" \/>\n<meta property=\"article:modified_time\" content=\"2024-06-03T16:24:43+00:00\" \/>\n<meta name=\"twitter:card\" content=\"summary_large_image\" \/>\n<meta name=\"twitter:label1\" content=\"Tempo di lettura stimato\" \/>\n\t<meta name=\"twitter:data1\" content=\"6 minuti\" \/>\n<script type=\"application\/ld+json\" class=\"yoast-schema-graph\">{\"@context\":\"https:\\\/\\\/schema.org\",\"@graph\":[{\"@type\":\"WebPage\",\"@id\":\"https:\\\/\\\/santa-giulia.net\\\/it\\\/storia-della-familia\\\/\",\"url\":\"https:\\\/\\\/santa-giulia.net\\\/it\\\/storia-della-familia\\\/\",\"name\":\"Storia della famiglia Palazzo Domain Santa Giulia - Soggiorno di lusso in Corsica\",\"isPartOf\":{\"@id\":\"https:\\\/\\\/santa-giulia.net\\\/it\\\/#website\"},\"datePublished\":\"2024-01-09T12:24:57+00:00\",\"dateModified\":\"2024-06-03T16:24:43+00:00\",\"description\":\"Il Domaine Santa Giulia Palace \u00e8 un'ode alla storia della nostra famiglia, dove approfondiamo lo spirito di accoglienza e l'autenticit\u00e0 corsa.\",\"breadcrumb\":{\"@id\":\"https:\\\/\\\/santa-giulia.net\\\/it\\\/storia-della-familia\\\/#breadcrumb\"},\"inLanguage\":\"it-IT\",\"potentialAction\":[{\"@type\":\"ReadAction\",\"target\":[\"https:\\\/\\\/santa-giulia.net\\\/it\\\/storia-della-familia\\\/\"]}]},{\"@type\":\"BreadcrumbList\",\"@id\":\"https:\\\/\\\/santa-giulia.net\\\/it\\\/storia-della-familia\\\/#breadcrumb\",\"itemListElement\":[{\"@type\":\"ListItem\",\"position\":1,\"name\":\"Accueil\",\"item\":\"https:\\\/\\\/santa-giulia.net\\\/it\\\/\"},{\"@type\":\"ListItem\",\"position\":2,\"name\":\"Storia della famiglia\"}]},{\"@type\":\"WebSite\",\"@id\":\"https:\\\/\\\/santa-giulia.net\\\/it\\\/#website\",\"url\":\"https:\\\/\\\/santa-giulia.net\\\/it\\\/\",\"name\":\"Domaine Santa Giulia Palace - S\u00e9jour de luxe - Vue Mer en Corse\",\"description\":\"Un Site d\u00e9velopp\u00e9 par PMT Hotels\",\"publisher\":{\"@id\":\"https:\\\/\\\/santa-giulia.net\\\/it\\\/#organization\"},\"potentialAction\":[{\"@type\":\"SearchAction\",\"target\":{\"@type\":\"EntryPoint\",\"urlTemplate\":\"https:\\\/\\\/santa-giulia.net\\\/it\\\/?s={search_term_string}\"},\"query-input\":{\"@type\":\"PropertyValueSpecification\",\"valueRequired\":true,\"valueName\":\"search_term_string\"}}],\"inLanguage\":\"it-IT\"},{\"@type\":\"Organization\",\"@id\":\"https:\\\/\\\/santa-giulia.net\\\/it\\\/#organization\",\"name\":\"Domaine Santa Giulia Palace - S\u00e9jour de luxe - Vue Mer en Corse\",\"url\":\"https:\\\/\\\/santa-giulia.net\\\/it\\\/\",\"logo\":{\"@type\":\"ImageObject\",\"inLanguage\":\"it-IT\",\"@id\":\"https:\\\/\\\/santa-giulia.net\\\/it\\\/#\\\/schema\\\/logo\\\/image\\\/\",\"url\":\"https:\\\/\\\/santagiulia.net\\\/wp-content\\\/uploads\\\/2023\\\/06\\\/Logo-Domaine-Santa-Giulia-Palace-600.png\",\"contentUrl\":\"https:\\\/\\\/santagiulia.net\\\/wp-content\\\/uploads\\\/2023\\\/06\\\/Logo-Domaine-Santa-Giulia-Palace-600.png\",\"width\":600,\"height\":438,\"caption\":\"Domaine Santa Giulia Palace - S\u00e9jour de luxe - Vue Mer en Corse\"},\"image\":{\"@id\":\"https:\\\/\\\/santa-giulia.net\\\/it\\\/#\\\/schema\\\/logo\\\/image\\\/\"},\"sameAs\":[\"https:\\\/\\\/www.facebook.com\\\/ResidenceSantaGiuliaPalace\",\"https:\\\/\\\/www.instagram.com\\\/santagiuliapalace\\\/\"]}]}<\/script>\n<!-- \/ Yoast SEO plugin. -->","yoast_head_json":{"title":"Storia della famiglia Palazzo Domain Santa Giulia - Soggiorno di lusso in Corsica","description":"Il Domaine Santa Giulia Palace \u00e8 un'ode alla storia della nostra famiglia, dove approfondiamo lo spirito di accoglienza e l'autenticit\u00e0 corsa.","robots":{"index":"index","follow":"follow","max-snippet":"max-snippet:-1","max-image-preview":"max-image-preview:large","max-video-preview":"max-video-preview:-1"},"canonical":"https:\/\/santa-giulia.net\/it\/storia-della-familia\/","og_locale":"it_IT","og_type":"article","og_title":"Storia della famiglia Palazzo Domain Santa Giulia - Soggiorno di lusso in Corsica","og_description":"Il Domaine Santa Giulia Palace \u00e8 un'ode alla storia della nostra famiglia, dove approfondiamo lo spirito di accoglienza e l'autenticit\u00e0 corsa.","og_url":"https:\/\/santa-giulia.net\/it\/storia-della-familia\/","og_site_name":"Domaine Santa Giulia Palace - S\u00e9jour de luxe - Vue Mer en Corse","article_publisher":"https:\/\/www.facebook.com\/ResidenceSantaGiuliaPalace","article_modified_time":"2024-06-03T16:24:43+00:00","twitter_card":"summary_large_image","twitter_misc":{"Tempo di lettura stimato":"6 minuti"},"schema":{"@context":"https:\/\/schema.org","@graph":[{"@type":"WebPage","@id":"https:\/\/santa-giulia.net\/it\/storia-della-familia\/","url":"https:\/\/santa-giulia.net\/it\/storia-della-familia\/","name":"Storia della famiglia Palazzo Domain Santa Giulia - Soggiorno di lusso in Corsica","isPartOf":{"@id":"https:\/\/santa-giulia.net\/it\/#website"},"datePublished":"2024-01-09T12:24:57+00:00","dateModified":"2024-06-03T16:24:43+00:00","description":"Il Domaine Santa Giulia Palace \u00e8 un'ode alla storia della nostra famiglia, dove approfondiamo lo spirito di accoglienza e l'autenticit\u00e0 corsa.","breadcrumb":{"@id":"https:\/\/santa-giulia.net\/it\/storia-della-familia\/#breadcrumb"},"inLanguage":"it-IT","potentialAction":[{"@type":"ReadAction","target":["https:\/\/santa-giulia.net\/it\/storia-della-familia\/"]}]},{"@type":"BreadcrumbList","@id":"https:\/\/santa-giulia.net\/it\/storia-della-familia\/#breadcrumb","itemListElement":[{"@type":"ListItem","position":1,"name":"Accueil","item":"https:\/\/santa-giulia.net\/it\/"},{"@type":"ListItem","position":2,"name":"Storia della famiglia"}]},{"@type":"WebSite","@id":"https:\/\/santa-giulia.net\/it\/#website","url":"https:\/\/santa-giulia.net\/it\/","name":"Domaine Santa Giulia Palace - S\u00e9jour de luxe - Vue Mer en Corse","description":"Un Site d\u00e9velopp\u00e9 par PMT Hotels","publisher":{"@id":"https:\/\/santa-giulia.net\/it\/#organization"},"potentialAction":[{"@type":"SearchAction","target":{"@type":"EntryPoint","urlTemplate":"https:\/\/santa-giulia.net\/it\/?s={search_term_string}"},"query-input":{"@type":"PropertyValueSpecification","valueRequired":true,"valueName":"search_term_string"}}],"inLanguage":"it-IT"},{"@type":"Organization","@id":"https:\/\/santa-giulia.net\/it\/#organization","name":"Domaine Santa Giulia Palace - S\u00e9jour de luxe - Vue Mer en Corse","url":"https:\/\/santa-giulia.net\/it\/","logo":{"@type":"ImageObject","inLanguage":"it-IT","@id":"https:\/\/santa-giulia.net\/it\/#\/schema\/logo\/image\/","url":"https:\/\/santagiulia.net\/wp-content\/uploads\/2023\/06\/Logo-Domaine-Santa-Giulia-Palace-600.png","contentUrl":"https:\/\/santagiulia.net\/wp-content\/uploads\/2023\/06\/Logo-Domaine-Santa-Giulia-Palace-600.png","width":600,"height":438,"caption":"Domaine Santa Giulia Palace - S\u00e9jour de luxe - Vue Mer en Corse"},"image":{"@id":"https:\/\/santa-giulia.net\/it\/#\/schema\/logo\/image\/"},"sameAs":["https:\/\/www.facebook.com\/ResidenceSantaGiuliaPalace","https:\/\/www.instagram.com\/santagiuliapalace\/"]}]}},"_links":{"self":[{"href":"https:\/\/santa-giulia.net\/it\/wp-json\/wp\/v2\/pages\/2578","targetHints":{"allow":["GET"]}}],"collection":[{"href":"https:\/\/santa-giulia.net\/it\/wp-json\/wp\/v2\/pages"}],"about":[{"href":"https:\/\/santa-giulia.net\/it\/wp-json\/wp\/v2\/types\/page"}],"author":[{"embeddable":true,"href":"https:\/\/santa-giulia.net\/it\/wp-json\/wp\/v2\/users\/1"}],"replies":[{"embeddable":true,"href":"https:\/\/santa-giulia.net\/it\/wp-json\/wp\/v2\/comments?post=2578"}],"version-history":[{"count":5,"href":"https:\/\/santa-giulia.net\/it\/wp-json\/wp\/v2\/pages\/2578\/revisions"}],"predecessor-version":[{"id":2690,"href":"https:\/\/santa-giulia.net\/it\/wp-json\/wp\/v2\/pages\/2578\/revisions\/2690"}],"wp:attachment":[{"href":"https:\/\/santa-giulia.net\/it\/wp-json\/wp\/v2\/media?parent=2578"}],"curies":[{"name":"wp","href":"https:\/\/api.w.org\/{rel}","templated":true}]}}